{"id":8,"date":"2022-05-02T19:41:52","date_gmt":"2022-05-02T19:41:52","guid":{"rendered":"http:\/\/gremiodasmusicas.org\/?page_id=8"},"modified":"2022-05-02T19:41:54","modified_gmt":"2022-05-02T19:41:54","slug":"foto-reportagem","status":"publish","type":"page","link":"https:\/\/gremiodasmusicas.org\/?page_id=8","title":{"rendered":"Foto Reportagem"},"content":{"rendered":"\n<figure class=\"wp-block-table\"><table><tbody><tr><td>1<\/td><td>Gorj\u00f5es Total Arte: M\u00fasica no Sal\u00e3o<\/td><td>13 Dez 14<\/td><\/tr><tr><td>2<\/td><td>Apresenta\u00e7\u00e3o de &#8220;Ouro e Vinho&#8221; livro de poesia de Ad\u00e3o Contreiras<\/td><td>11 Out 14<\/td><\/tr><tr><td>3<\/td><td>Dia Internacional do Jazz 2014<\/td><td>30 Abr 14<\/td><\/tr><tr><td>4<\/td><td>Hist\u00f3rias de jazz em Portugal &#8211; Sess\u00e3o 2<\/td><td>04 Fev 14<\/td><\/tr><tr><td>5<\/td><td>Jazz no Feminino &#8211; Inverno 2013<\/td><td>07 Dez 13<\/td><\/tr><tr><td>6<\/td><td>Andaluc\u00eda Big Band, Direc\u00e7\u00e3o &#8211; Z\u00e9 Eduardo<\/td><td>18 Maio 13<\/td><\/tr><tr><td>7<\/td><td>Dia Internacional do Jazz &#8211; Concerto Maratona<\/td><td>30 Abr 13<\/td><\/tr><tr><td>8<\/td><td>Mini Jazz &#8211; 11\u00aa Festa do Jazz do S\u00e3o Luiz<\/td><td>07 Abr 13<\/td><\/tr><tr><td>9<\/td><td>Andaluc\u00eda Big Band, Dir. Z\u00e9 Eduardo. Convidados especiais: Mini Jazz<\/td><td>05 Abr 13<\/td><\/tr><tr><td>10<\/td><td>Blue Dot &#8220;Uma Sexta de Jazz&#8221;<\/td><td>01 Mar 13<\/td><\/tr><tr><td>11<\/td><td>A Tribute to Bebop &#8211; Concerto Final do 1\u00ba Macau Jazz Workshop por Z\u00e9 Eduardo<\/td><td>06 Fev 13<\/td><\/tr><tr><td>12<\/td><td>Concerto de encerramento dos Combos da AGM<\/td><td>16 Dez 12<\/td><\/tr><tr><td>13<\/td><td>Festival Jazz no Inverno 2012<\/td><td>01 Dez 12<\/td><\/tr><tr><td>14<\/td><td>Assinatura de protocolo com o Jazz Clube de Macau<\/td><td>05 Nov 12<\/td><\/tr><tr><td>15<\/td><td>Concerto integrado no Festival de M\u00fasica de Macau 2012<\/td><td>28 Out 12<\/td><\/tr><tr><td>16<\/td><td>Assinatura de protocolo com a Macau Jazz Promotion Association<\/td><td>27 Out 12<\/td><\/tr><tr><td>17<\/td><td>Fried Neur\u00f3nium, Casa Garden &#8211; Funda\u00e7\u00e3o Oriente, Macau. China.<\/td><td>26 Out 12<\/td><\/tr><tr><td>18<\/td><td>Conv\u00e9nio de Coopera\u00e7\u00e3o Cultural<\/td><td>05 Out 12<\/td><\/tr><tr><td>19<\/td><td>Paleka Jam Session<\/td><td>04 Out 12<\/td><\/tr><tr><td>20<\/td><td>Combos da AGM, concerto de encerramento<\/td><td>22 Jul 12<\/td><\/tr><tr><td>21<\/td><td>Anivers\u00e1rio de Carlos Barretto, Jam Session.<\/td><td>18 Jul 12<\/td><\/tr><tr><td>22<\/td><td>XIV Semin\u00e1rio internacional de Jazz e M\u00fasica Latina<\/td><td>02 Jul 12<\/td><\/tr><tr><td>23<\/td><td>Concerto de encerramento do workshop vocal da prof\u00aa F\u00e1tima Serro<\/td><td>01 Jul 12<\/td><\/tr><tr><td>24<\/td><td>Dia Internacional do Jazz proclamado pela UNESCO<\/td><td>30 Abr 12<\/td><\/tr><tr><td>25<\/td><td>Z\u00e9 Eduardo e Carlos Barretto: No Mote de Baixo, CAPa<\/td><td>03 Mar 12<\/td><\/tr><tr><td>26<\/td><td>Fried Neuronium, Teatro do Bairro<\/td><td>29 Fev 12<\/td><\/tr><tr><td>27<\/td><td>Cantaloupe Jazz Festival 2012<\/td><td>01 Fev 12<\/td><\/tr><tr><td>28<\/td><td>Peter King &amp; Orquestra do Algarve, Teatro das Figuras<\/td><td>03 Dez 11<\/td><\/tr><tr><td>29<\/td><td>Norma Winstone, Teatro Lethes<\/td><td>02 Dez 11<\/td><\/tr><tr><td>30<\/td><td>Julian Joseph Trio, Teatro Lethes<\/td><td>01 Dez 11<\/td><\/tr><tr><td>31<\/td><td>Festival Jazz no Inverno 2011<\/td><td>01 Dez 11<\/td><\/tr><tr><td>32<\/td><td>Little B&#8217;s Quartet, Caf\u00e9 Canalla<\/td><td>30 Nov 11<\/td><\/tr><tr><td>33<\/td><td>Z\u00e9 Eduardo, Workshop<\/td><td>30 Nov 11<\/td><\/tr><tr><td>34<\/td><td>Jack Walrath, Workshop<\/td><td>27 Nov 11<\/td><\/tr><tr><td>35<\/td><td>Urbano Oliveira, Paradiddle para qu\u00ea?<\/td><td>19 Nov 11<\/td><\/tr><tr><td>36<\/td><td>Fried Neuronium, Mercedes Jazz Caf\u00e9<\/td><td>06 Jul 11<\/td><\/tr><tr><td>37<\/td><td>Mercedes Jazz Caf\u00e9, Nanook e os Saltimbancos<\/td><td>05 Jul 11<\/td><\/tr><tr><td>38<\/td><td>XIII Semin\u00e1rio Internacional de Jazz e M\u00fasica Latina 2011. Palau de la M\u00fasica de Valencia<\/td><td>04 Jul 11<\/td><\/tr><tr><td>39<\/td><td>Jazz na Ria, Nanook e os Saltimbancos<\/td><td>02 Jul 11<\/td><\/tr><tr><td>40<\/td><td>Omar Hakim, Workshop de Bateria<\/td><td>02 Jul 11<\/td><\/tr><tr><td>41<\/td><td>O Espect\u00e1culo &#8211; Uma \u00d3pera Grelhada no T\u00famulo megal\u00edtico de Santa Rita<\/td><td>21 Jun 11<\/td><\/tr><tr><td>42<\/td><td>XXX Estoril Jazz 2011. Audit\u00f3rio Casino Estoril<\/td><td>27 Maio 11<\/td><\/tr><tr><td>43<\/td><td>Formas 2011 . Apresenta\u00e7\u00e3o<\/td><td>18 Maio 11<\/td><\/tr><tr><td>44<\/td><td>Apresenta\u00e7\u00e3o CD Flajazzados. CAPa<\/td><td>07 Maio 11<\/td><\/tr><tr><td>45<\/td><td>Brass Fantasy Workshop<\/td><td>06 Maio 11<\/td><\/tr><tr><td>46<\/td><td>Museu Municipal de Faro &#8211; Apresenta\u00e7\u00e3o do CD Flajazzados<\/td><td>05 Maio 11<\/td><\/tr><tr><td>47<\/td><td>Concerto Pedag\u00f3gico AGM &#8211; Col\u00e9gio Internacional de Vilamoura<\/td><td>05 Maio 11<\/td><\/tr><tr><td>48<\/td><td>Apresenta\u00e7\u00e3o CD Flajazzados. Spot S\u00e3o Luiz<\/td><td>02 Abr 11<\/td><\/tr><tr><td>49<\/td><td>Combo AGM 9\u00aa Festa do Jazz do S\u00e3o Luiz, Lisboa<\/td><td>02 Abr 11<\/td><\/tr><tr><td>50<\/td><td>Cindy Blackman Quartet &#8220;Explorations&#8221;, Festival Jazz no Inverno<\/td><td>04 Dez 10<\/td><\/tr><tr><td>51<\/td><td>Desfile Silencioso em defesa da Associa\u00e7\u00e3o Recreativa e Cultural de M\u00fasicos, Faro 2010<\/td><td>04 Dez 10<\/td><\/tr><tr><td>52<\/td><td>Orquestra de Jazz de Lagos feat. Guto Lucena, Festival Jazz no Inverno<\/td><td>03 Dez 10<\/td><\/tr><tr><td>53<\/td><td>Cindy Blackman Quartet Workshop, Festival Jazz no Inverno<\/td><td>03 Dez 10<\/td><\/tr><tr><td>54<\/td><td>Vernissage do lan\u00e7amento do CD Homenagem ao Poeta Jo\u00e3o L\u00facio de Paula Rocha e Z\u00e9 Eduardo<\/td><td>02 Dez 10<\/td><\/tr><tr><td>55<\/td><td>Quinteto Jazz AGM, Comemora\u00e7\u00e3o do Dia Mundial da M\u00fasica no Col\u00e9gio Bernardette Romeira<\/td><td>02 Out 10<\/td><\/tr><tr><td>56<\/td><td>Cheikh Tidiane Fall &#8211; Workshop de percuss\u00e3o africana e bateria<\/td><td>24 Set 10<\/td><\/tr><tr><td>57<\/td><td>AGM Jam Session Internacional 2010<\/td><td>15 Ago 10<\/td><\/tr><tr><td>58<\/td><td>SedaJazz International Workshop &#8217;10, Val\u00eancia.<\/td><td>04 Jul 10<\/td><\/tr><tr><td>59<\/td><td>a Harpa e o Jazz, Edmar Castaneda workshop<\/td><td>19 Jun 10<\/td><\/tr><tr><td>60<\/td><td>Jazz e Comunica\u00e7\u00e3o para Banda, pr\u00e1cticas e teoria<\/td><td>29 Maio 10<\/td><\/tr><tr><td>61<\/td><td>M\u00fasica de tradi\u00e7\u00e3o Mandinga, Workshop<\/td><td>07 Nov 09<\/td><\/tr><\/tbody><\/table><\/figure>\n","protected":false},"excerpt":{"rendered":"<p>1 Gorj\u00f5es Total Arte: M\u00fasica no Sal\u00e3o 13 Dez 14 2 Apresenta\u00e7\u00e3o de &#8220;Ouro e Vinho&#8221; livro de poesia de Ad\u00e3o Contreiras 11 Out 14 3 Dia Internacional do Jazz 2014 30 Abr 14 4 Hist\u00f3rias de jazz em Portugal &#8211; Sess\u00e3o 2 04 Fev 14 5 Jazz no Feminino &#8211; Inverno 2013 07 Dez [&hellip;]<\/p>\n","protected":false},"author":1,"featured_media":0,"parent":0,"menu_order":0,"comment_status":"closed","ping_status":"closed","template":"","meta":[],"_links":{"self":[{"href":"https:\/\/gremiodasmusicas.org\/index.php?rest_route=\/wp\/v2\/pages\/8"}],"collection":[{"href":"https:\/\/gremiodasmusicas.org\/index.php?rest_route=\/wp\/v2\/pages"}],"about":[{"href":"https:\/\/gremiodasmusicas.org\/index.php?rest_route=\/wp\/v2\/types\/page"}],"author":[{"embeddable":true,"href":"https:\/\/gremiodasmusicas.org\/index.php?rest_route=\/wp\/v2\/users\/1"}],"replies":[{"embeddable":true,"href":"https:\/\/gremiodasmusicas.org\/index.php?rest_route=%2Fwp%2Fv2%2Fcomments&post=8"}],"version-history":[{"count":1,"href":"https:\/\/gremiodasmusicas.org\/index.php?rest_route=\/wp\/v2\/pages\/8\/revisions"}],"predecessor-version":[{"id":15,"href":"https:\/\/gremiodasmusicas.org\/index.php?rest_route=\/wp\/v2\/pages\/8\/revisions\/15"}],"wp:attachment":[{"href":"https:\/\/gremiodasmusicas.org\/index.php?rest_route=%2Fwp%2Fv2%2Fmedia&parent=8"}],"curies":[{"name":"wp","href":"https:\/\/api.w.org\/{rel}","templated":true}]}}